{"id":153,"date":"2025-06-05T21:11:16","date_gmt":"2025-06-05T19:11:16","guid":{"rendered":"https:\/\/janommen.de\/?page_id=153"},"modified":"2026-04-09T22:00:33","modified_gmt":"2026-04-09T20:00:33","slug":"ueber-mich","status":"publish","type":"page","link":"https:\/\/janommen.de\/index.php\/ueber-mich\/","title":{"rendered":"\u00dcBER MICH"},"content":{"rendered":"\n<h4 class=\"wp-block-heading\"><mark style=\"background-color:rgba(0, 0, 0, 0);color:#798e7b\" class=\"has-inline-color\">\u00dcBER MICH<\/mark><\/h4>\n\n\n\n<div class=\"wp-block-media-text is-stacked-on-mobile\" style=\"grid-template-columns:25% auto\"><figure class=\"wp-block-media-text__media\"><img loading=\"lazy\" decoding=\"async\" width=\"768\" height=\"1024\" src=\"https:\/\/janommen.de\/wp-content\/uploads\/2025\/06\/OMN00258-Large-768x1024.jpeg\" alt=\"\" class=\"wp-image-16 size-full\" srcset=\"https:\/\/janommen.de\/wp-content\/uploads\/2025\/06\/OMN00258-Large-768x1024.jpeg 768w, https:\/\/janommen.de\/wp-content\/uploads\/2025\/06\/OMN00258-Large-225x300.jpeg 225w, https:\/\/janommen.de\/wp-content\/uploads\/2025\/06\/OMN00258-Large.jpeg 960w\" sizes=\"auto, (max-width: 768px) 100vw, 768px\" \/><\/figure><div class=\"wp-block-media-text__content\">\n<p>Moin, ich bin freiberuflicher <strong>Fotograf<\/strong>, <strong>Videograf<\/strong>, <strong>Webdesigner<\/strong>, <strong>Drohnenpilot<\/strong> und <strong>Social Media<\/strong> &#8211; &amp; Community Manager aus der Mittelweser Region.<\/p>\n\n\n\n<p>Ich stehe f\u00fcr Auftragsarbeiten im Bereich Videoproduktion, Drohnenvideos sowie Fotografie zur Verf\u00fcgung \u2013 sei es Portr\u00e4t-, Event-, Produkt-, Drohnen- oder Hochzeitsfotografie und mehr.<br>Gerne helfe ich Dir, eine starke Social-Media-Pr\u00e4senz f\u00fcr Dein Unternehmen aufzubauen und unterst\u00fctze Dich bei der Erstellung Deiner Website oder Visitenkarten.<br>Mein Ziel ist es, das festzuhalten, was Dir wichtig ist.<\/p>\n\n\n\n<div class=\"wp-block-buttons is-layout-flex wp-block-buttons-is-layout-flex\">\n<div class=\"wp-block-button\"><a class=\"wp-block-button__link wp-element-button\" href=\"https:\/\/janommen.de\/index.php\/kontakt\/\">Kontakt<\/a><\/div>\n<\/div>\n<\/div><\/div>\n\n\n\n<div style=\"height:40px\" aria-hidden=\"true\" class=\"wp-block-spacer\"><\/div>\n\n\n\n<hr class=\"wp-block-separator has-alpha-channel-opacity\"\/>\n\n\n\n<div style=\"height:40px\" aria-hidden=\"true\" class=\"wp-block-spacer\"><\/div>\n\n\n\n<h6 class=\"wp-block-heading\"><mark style=\"background-color:rgba(0, 0, 0, 0);color:#798e7b\" class=\"has-inline-color\">Biografie<\/mark><\/h6>\n\n\n\n<div style=\"height:40px\" aria-hidden=\"true\" class=\"wp-block-spacer\"><\/div>\n\n\n\n<p><strong>Studium<\/strong><\/p>\n\n\n\n<p><strong>2021 &#8211; 2025<\/strong><br>B.A. \u2028Integriertes Design an der Hochschule f\u00fcr K\u00fcnste Bremen\u2028\u2028\u2028<br><strong><br>2020 &#8211; 2021<\/strong><br>Gestaltung mit Fokus auf Fotografie und Bildmedien an der Fachhochschule Bielefeld<br><\/p>\n\n\n\n<div style=\"height:40px\" aria-hidden=\"true\" class=\"wp-block-spacer\"><\/div>\n\n\n\n<p><strong>Jobs\u2028\u2028<\/strong><\/p>\n\n\n\n<p><strong>2019 &#8211; heute\u2028<\/strong><br><strong>Selbstst\u00e4ndiger Fotograf, Videograf, Webdesigner, <strong>Drohnenpilot<\/strong> und <strong>Social Media<\/strong> &#8211; &amp; Community Manager<\/strong> <strong>bei Jan Ommen Media<\/strong><\/p>\n\n\n\n<p><strong>2021 &#8211; heute<\/strong><br>Community Manager bei Campact e.V.\u2028\u2028<\/p>\n\n\n\n<p><strong>2023 &#8211; heute<\/strong><br>Freiberuflicher Content Manager bei Netzwerk Alma<\/p>\n\n\n\n<p>___<\/p>\n\n\n\n<p><strong>2022<\/strong><br>\u2028Tutor f\u00fcr Produktfotografie im Studio an der Hochschule f\u00fcr K\u00fcnste Bremen<\/p>\n\n\n\n<p><strong>2021 &#8211; 2022\u2028<\/strong><br>Videograf f\u00fcr die Lebenshilfe e.V.\u2028\u2028<\/p>\n\n\n\n<p><strong>2020 &#8211; 2021\u2028<\/strong><br>FSJ bei Campact e.V.\u2028\u2028<\/p>\n\n\n\n<p><strong>2019 &#8211; 2020<\/strong><br>Fotograf f\u00fcr B\u00fcndnis 90 Die Gr\u00fcnen<\/p>\n\n\n\n<p><\/p>\n","protected":false},"excerpt":{"rendered":"<p>\u00dcBER MICH Biografie Studium 2021 &#8211; 2025B.A. \u2028Integriertes Design an der Hochschule f\u00fcr K\u00fcnste Bremen\u2028\u2028\u20282020 &#8211; 2021Gestaltung mit Fokus auf Fotografie und Bildmedien an der Fachhochschule Bielefeld Jobs\u2028\u2028 2019 &#8211; heute\u2028Selbstst\u00e4ndiger Fotograf, Videograf, Webdesigner, Drohnenpilot und Social Media &#8211; &amp; Community Manager bei Jan Ommen Media 2021 &#8211; heuteCommunity Manager bei Campact e.V.\u2028\u2028 2023 &#8211; [&hellip;]<\/p>\n","protected":false},"author":1,"featured_media":0,"parent":0,"menu_order":0,"comment_status":"closed","ping_status":"closed","template":"","meta":{"_vp_format_video_url":"","_vp_image_focal_point":[],"footnotes":""},"class_list":["post-153","page","type-page","status-publish","hentry"],"_links":{"self":[{"href":"https:\/\/janommen.de\/index.php\/wp-json\/wp\/v2\/pages\/153","targetHints":{"allow":["GET"]}}],"collection":[{"href":"https:\/\/janommen.de\/index.php\/wp-json\/wp\/v2\/pages"}],"about":[{"href":"https:\/\/janommen.de\/index.php\/wp-json\/wp\/v2\/types\/page"}],"author":[{"embeddable":true,"href":"https:\/\/janommen.de\/index.php\/wp-json\/wp\/v2\/users\/1"}],"replies":[{"embeddable":true,"href":"https:\/\/janommen.de\/index.php\/wp-json\/wp\/v2\/comments?post=153"}],"version-history":[{"count":31,"href":"https:\/\/janommen.de\/index.php\/wp-json\/wp\/v2\/pages\/153\/revisions"}],"predecessor-version":[{"id":656,"href":"https:\/\/janommen.de\/index.php\/wp-json\/wp\/v2\/pages\/153\/revisions\/656"}],"wp:attachment":[{"href":"https:\/\/janommen.de\/index.php\/wp-json\/wp\/v2\/media?parent=153"}],"curies":[{"name":"wp","href":"https:\/\/api.w.org\/{rel}","templated":true}]}}